{"id":768,"date":"2025-01-12T11:29:20","date_gmt":"2025-01-12T11:29:20","guid":{"rendered":"https:\/\/haussonja.de\/?page_id=768"},"modified":"2025-01-12T12:34:00","modified_gmt":"2025-01-12T12:34:00","slug":"ferienwohnung-2-dachgeschoss","status":"publish","type":"page","link":"https:\/\/haussonja.de\/?page_id=768","title":{"rendered":"Ferienwohnung 2 (Dachgeschoss)"},"content":{"rendered":"\n<p><strong>Diese Ferienwohnung<\/strong> befindet sich im Dachgescho\u00df und ist Richtung S\u00fcden ausgerichtet. Ein kleiner gem\u00fctlicher Balkon l\u00e4d mit Liegest\u00fchlen, Tisch und Sonnenschutz zum Relaxen ein.<\/p>\n\n\n\n<p>Nat\u00fcrlich steht auch hier eine Sicht auf die Berge nichts im Wege.<br>Das besondere an dieser Wohnung ist der offene Sichtbalken Dachstuhl. <\/p>\n\n\n\n<p>Gerne stellen wir Ihnen ein Kinderbett und Hochstuhl in den Ferienwohnungen nach Bedarf und Verf\u00fcgbarkeit bereit. Bitte bereits bei Reservierung anfragen!<\/p>\n\n\n\n<p><strong>Wohn-\/Esszimmer:<\/strong><\/p>\n\n\n\n<p>Das besondere an dieser Wohnung ist neben dem gro\u00dfz\u00fcgig gestalteten Wohn-\/Esszimmer, die gem\u00fctliche Kuschelecke im Wohnzimmer hinter dem Sofa. Dieses Kuscheleck bietet zus\u00e4tzlichen Schlafraum f\u00fcr 2 Personen (180&#215;200). SAT-TV &amp; Radio vorhanden. Die Ecksitzgarnitur bietet Platz f\u00fcr 6 Personen. Tisch ausziehbar.<\/p>\n\n\n\n<p><strong>Schlafzimmer:<\/strong><\/p>\n\n\n\n<p>In dem separaten Schlafzimmer befindet sich ein Doppel-Bett (160&#215;200) und ein gro\u00dfz\u00fcgiger Einbau Kleiderschrank mit Beleuchtung.<\/p>\n\n\n\n<p><strong>K\u00fcche:<\/strong><br>Die gro\u00dfz\u00fcgig ausgestattete K\u00fcche im Durchgangsbereich zwischen Wohnzimmer und Schlafzimmer beinhaltet Geschirr f\u00fcr bis zu 6 Personen. Wasserkocher, Microwelle, Kochplatten, Eierkocher, Toaster, Kaffeemaschine &amp; K\u00fchlschrank mit Gefrierfach ist alles vorhanden.<\/p>\n\n\n\n<p><strong>Badezimmer:<\/strong><br>Badezimmer mit Dusche, WC, Waschbecken, Haarf\u00f6n, Kosmetikspiegel<\/p>\n\n\n\n<div class=\"wp-block-group is-layout-constrained wp-block-group-is-layout-constrained\"><div class=\"wp-block-group__inner-container\"><div style=\"--swiper-navigation-color: #000000; \" class=\"ub_image_slider swiper-container wp-block-ub-image-slider\" id=\"ub_image_slider_fcb0e63d-f814-4107-839b-0ffbeec1b998\" data-swiper-data='{\"speed\":300,\"spaceBetween\":20,\"slidesPerView\":1,\"loop\":true,\"pagination\":{\"el\": \".swiper-pagination\" , \"type\": \"bullets\", \"clickable\":true}\n            ,\"navigation\": {\"nextEl\": \".swiper-button-next\", \"prevEl\": \".swiper-button-prev\"}, \"keyboard\": { \"enabled\": true },\n            \"effect\": \"slide\",\"autoplay\":{\"delay\": 5000},\"simulateTouch\":false}'><div class=\"swiper-wrapper\"><figure class=\"swiper-slide\">\n        <img decoding=\"async\" src=\"https:\/\/haussonja.de\/wp-content\/uploads\/2020\/06\/IMG_6023.jpg\" alt=\"\"><figcaption class=\"ub_image_slider_image_caption\"> <\/figcaption><\/figure><figure class=\"swiper-slide\">\n        <img decoding=\"async\" src=\"https:\/\/haussonja.de\/wp-content\/uploads\/2020\/06\/IMG_6021.jpg\" alt=\"\"><figcaption class=\"ub_image_slider_image_caption\"> <\/figcaption><\/figure><figure class=\"swiper-slide\">\n        <img decoding=\"async\" src=\"https:\/\/haussonja.de\/wp-content\/uploads\/2020\/03\/fewo2WZ.jpg\" alt=\"\"><figcaption class=\"ub_image_slider_image_caption\"> <\/figcaption><\/figure><figure class=\"swiper-slide\">\n        <img decoding=\"async\" src=\"https:\/\/haussonja.de\/wp-content\/uploads\/2020\/03\/fewo2kueche.jpg\" alt=\"\"><figcaption class=\"ub_image_slider_image_caption\"> <\/figcaption><\/figure><figure class=\"swiper-slide\">\n        <img decoding=\"async\" src=\"https:\/\/haussonja.de\/wp-content\/uploads\/2020\/06\/IMG_6013.jpg\" alt=\"\"><figcaption class=\"ub_image_slider_image_caption\"> <\/figcaption><\/figure><figure class=\"swiper-slide\">\n        <img decoding=\"async\" src=\"https:\/\/haussonja.de\/wp-content\/uploads\/2020\/03\/fewo2bett.jpg\" alt=\"\"><figcaption class=\"ub_image_slider_image_caption\"> <\/figcaption><\/figure><figure class=\"swiper-slide\">\n        <img decoding=\"async\" src=\"https:\/\/haussonja.de\/wp-content\/uploads\/2020\/03\/fewo2schrank.jpg\" alt=\"\"><figcaption class=\"ub_image_slider_image_caption\"> <\/figcaption><\/figure><figure class=\"swiper-slide\">\n        <img decoding=\"async\" src=\"https:\/\/haussonja.de\/wp-content\/uploads\/2020\/06\/IMG_6020.jpg\" alt=\"\"><figcaption class=\"ub_image_slider_image_caption\"> <\/figcaption><\/figure><figure class=\"swiper-slide\">\n        <img decoding=\"async\" src=\"https:\/\/haussonja.de\/wp-content\/uploads\/2020\/06\/IMG_6016.jpg\" alt=\"\"><figcaption class=\"ub_image_slider_image_caption\"> <\/figcaption><\/figure><figure class=\"swiper-slide\">\n        <img decoding=\"async\" src=\"https:\/\/haussonja.de\/wp-content\/uploads\/2018\/07\/fewo2plan.jpg\" alt=\"\"><figcaption class=\"ub_image_slider_image_caption\"> <\/figcaption><\/figure><\/div><div class=\"swiper-pagination\"><\/div>\n       <div class=\"swiper-button-prev\"><\/div> <div class=\"swiper-button-next\"><\/div>\n        <\/div><\/div><\/div>\n\n\n\n<p>\n<iframe id=\"blk55405\" width=\"100%\" height=\"1000\" frameborder=\"0\" loading=\"lazy\" referrerpolicy=\"no-referrer-when-downgrade\" src=\"https:\/\/api.belegungskalender-kostenlos.de\/kalender.php?kid=55405\" title=\"Belegungskalender 55405\"><p>Ihr Browser kann den Kalender leider nicht direkt anzeigen, klicken Sie bitte <b><a href=\"https:\/\/api.belegungskalender-kostenlos.de\/kalender.php?kid=55405\">hier<\/a><\/b><\/p><\/iframe><br><span style=\"font-size:9px;\"><a href=\"https:\/\/www.belegungskalender-kostenlos.de\" rel=\"nofollow noopener\" target=\"_blank\" style=\"font-size:9px;\">Buchungskalender kostenlos<\/a><\/span>\n<\/p>\n","protected":false},"excerpt":{"rendered":"<p>Diese Ferienwohnung befindet sich im Dachgescho\u00df und ist Richtung S\u00fcden ausgerichtet. Ein kleiner gem\u00fctlicher Balkon l\u00e4d mit Liegest\u00fchlen, Tisch und Sonnenschutz zum Relaxen ein. Nat\u00fcrlich steht auch hier eine Sicht auf die Berge nichts im Wege.Das besondere an dieser Wohnung ist der offene Sichtbalken Dachstuhl. Gerne stellen wir Ihnen ein<\/p>\n","protected":false},"author":1,"featured_media":0,"parent":0,"menu_order":0,"comment_status":"closed","ping_status":"closed","template":"","meta":{"ub_ctt_via":"","footnotes":""},"featured_image_src":null,"_links":{"self":[{"href":"https:\/\/haussonja.de\/index.php?rest_route=\/wp\/v2\/pages\/768"}],"collection":[{"href":"https:\/\/haussonja.de\/index.php?rest_route=\/wp\/v2\/pages"}],"about":[{"href":"https:\/\/haussonja.de\/index.php?rest_route=\/wp\/v2\/types\/page"}],"author":[{"embeddable":true,"href":"https:\/\/haussonja.de\/index.php?rest_route=\/wp\/v2\/users\/1"}],"replies":[{"embeddable":true,"href":"https:\/\/haussonja.de\/index.php?rest_route=%2Fwp%2Fv2%2Fcomments&post=768"}],"version-history":[{"count":13,"href":"https:\/\/haussonja.de\/index.php?rest_route=\/wp\/v2\/pages\/768\/revisions"}],"predecessor-version":[{"id":830,"href":"https:\/\/haussonja.de\/index.php?rest_route=\/wp\/v2\/pages\/768\/revisions\/830"}],"wp:attachment":[{"href":"https:\/\/haussonja.de\/index.php?rest_route=%2Fwp%2Fv2%2Fmedia&parent=768"}],"curies":[{"name":"wp","href":"https:\/\/api.w.org\/{rel}","templated":true}]}}